{"id":600,"date":"2024-05-30T14:04:14","date_gmt":"2024-05-30T14:04:14","guid":{"rendered":"https:\/\/autografo.tv\/?page_id=600"},"modified":"2025-01-07T18:07:02","modified_gmt":"2025-01-07T22:07:02","slug":"miguel-angel-garcia-mendez","status":"publish","type":"page","link":"https:\/\/autografo.tv\/en\/miguel-angel-garcia-mendez\/","title":{"rendered":"Miguel \u00c1ngel Garc\u00eda M\u00e9ndez"},"content":{"rendered":"<div data-elementor-type=\"wp-page\" data-elementor-id=\"600\" class=\"elementor elementor-600\" data-elementor-post-type=\"page\">\n\t\t\t\t\t\t<section class=\"elementor-section elementor-top-section elementor-element elementor-element-85dd2ce elementor-section-full_width elementor-section-height-default elementor-section-height-default sc_fly_static\" data-id=\"85dd2ce\" data-element_type=\"section\" data-e-type=\"section\" data-settings=\"{&quot;background_background&quot;:&quot;classic&quot;}\">\n\t\t\t\t\t\t\t<div class=\"elementor-background-overlay\"><\/div>\n\t\t\t\t\t\t\t<div class=\"elementor-container elementor-column-gap-extended\">\n\t\t\t\t\t<div class=\"elementor-column elementor-col-100 elementor-top-column elementor-element elementor-element-317aaaf sc_content_align_inherit sc_layouts_column_icons_position_left sc_fly_static\" data-id=\"317aaaf\" data-element_type=\"column\" data-e-type=\"column\">\n\t\t\t<div class=\"elementor-widget-wrap elementor-element-populated\">\n\t\t\t\t\t\t<div class=\"elementor-element elementor-element-d72564c elementor--v-position-bottom elementor-widget__width-inherit elementor--h-position-center elementor-arrows-position-inside elementor-pagination-position-inside sc_fly_static elementor-widget elementor-widget-slides\" data-id=\"d72564c\" data-element_type=\"widget\" data-e-type=\"widget\" data-settings=\"{&quot;navigation&quot;:&quot;both&quot;,&quot;autoplay&quot;:&quot;yes&quot;,&quot;pause_on_hover&quot;:&quot;yes&quot;,&quot;pause_on_interaction&quot;:&quot;yes&quot;,&quot;autoplay_speed&quot;:5000,&quot;infinite&quot;:&quot;yes&quot;,&quot;transition&quot;:&quot;slide&quot;,&quot;transition_speed&quot;:500}\" data-widget_type=\"slides.default\">\n\t\t\t\t<div class=\"elementor-widget-container\">\n\t\t\t\t\t\t\t\t\t<div class=\"elementor-swiper\">\n\t\t\t\t\t<div class=\"elementor-slides-wrapper elementor-main-swiper swiper\" role=\"region\" aria-roledescription=\"carousel\" aria-label=\"image\" dir=\"ltr\" data-animation=\"fadeInUp\">\n\t\t\t\t<div class=\"swiper-wrapper elementor-slides\">\n\t\t\t\t\t\t\t\t\t\t<div class=\"elementor-repeater-item-c8a794e swiper-slide\" role=\"group\" aria-roledescription=\"slide\"><div class=\"swiper-slide-bg\"><\/div><div class=\"swiper-slide-inner\" ><div class=\"swiper-slide-contents\"><div class=\"elementor-slide-description\">Aguadilla, P.R., 1902 \u2013 Mayag\u00fcez, PR, 1998<\/div><\/div><\/div><\/div>\t\t\t\t<\/div>\n\t\t\t\t\t\t\t<\/div>\n\t\t\t\t<\/div>\n\t\t\t\t\t\t\t\t<\/div>\n\t\t\t\t<\/div>\n\t\t\t\t\t<\/div>\n\t\t<\/div>\n\t\t\t\t\t<\/div>\n\t\t<\/section>\n\t\t<div class=\"elementor-element elementor-element-9fd6b92 e-flex e-con-boxed sc_layouts_column_icons_position_left e-con e-parent\" data-id=\"9fd6b92\" data-element_type=\"container\" data-e-type=\"container\">\n\t\t\t\t\t<div class=\"e-con-inner\">\n\t\t<div class=\"elementor-element elementor-element-6a59fee e-con-full e-flex sc_layouts_column_icons_position_left e-con e-child\" data-id=\"6a59fee\" data-element_type=\"container\" data-e-type=\"container\">\n\t\t\t\t<div class=\"elementor-element elementor-element-b7fd2da sc_fly_static elementor-widget elementor-widget-theme-post-featured-image elementor-widget-image\" data-id=\"b7fd2da\" data-element_type=\"widget\" data-e-type=\"widget\" data-widget_type=\"theme-post-featured-image.default\">\n\t\t\t\t<div class=\"elementor-widget-container\">\n\t\t\t\t\t\t\t\t\t\t\t\t\t\t\t<img fetchpriority=\"high\" decoding=\"async\" width=\"1024\" height=\"1024\" src=\"https:\/\/autografo.tv\/wp-content\/uploads\/2024\/05\/SQUAREMiguelAngelGarcia-1024x1024.jpg\" class=\"attachment-large size-large wp-image-602\" alt=\"\" srcset=\"https:\/\/autografo.tv\/wp-content\/uploads\/2024\/05\/SQUAREMiguelAngelGarcia-1024x1024.jpg 1024w, https:\/\/autografo.tv\/wp-content\/uploads\/2024\/05\/SQUAREMiguelAngelGarcia-300x300.jpg 300w, https:\/\/autografo.tv\/wp-content\/uploads\/2024\/05\/SQUAREMiguelAngelGarcia-150x150.jpg 150w, https:\/\/autografo.tv\/wp-content\/uploads\/2024\/05\/SQUAREMiguelAngelGarcia-768x768.jpg 768w, https:\/\/autografo.tv\/wp-content\/uploads\/2024\/05\/SQUAREMiguelAngelGarcia.jpg 1389w\" sizes=\"(max-width: 1024px) 100vw, 1024px\" \/>\t\t\t\t\t\t\t\t\t\t\t\t\t\t\t<\/div>\n\t\t\t\t<\/div>\n\t\t\t\t<div class=\"elementor-element elementor-element-062aa24 sc_fly_static elementor-widget elementor-widget-heading\" data-id=\"062aa24\" data-element_type=\"widget\" data-e-type=\"widget\" data-widget_type=\"heading.default\">\n\t\t\t\t<div class=\"elementor-widget-container\">\n\t\t\t\t\t<h1 class=\"elementor-heading-title elementor-size-default\">Miguel \u00c1ngel Garc\u00eda M\u00e9ndez<\/h1>\t\t\t\t<\/div>\n\t\t\t\t<\/div>\n\t\t\t\t<div class=\"elementor-element elementor-element-a5fdeff sc_fly_static elementor-widget elementor-widget-heading\" data-id=\"a5fdeff\" data-element_type=\"widget\" data-e-type=\"widget\" data-widget_type=\"heading.default\">\n\t\t\t\t<div class=\"elementor-widget-container\">\n\t\t\t\t\t<p class=\"elementor-heading-title elementor-size-default\">Aguadilla, P.R., 1902 \u2013 Mayag\u00fcez, PR, 1998<\/p>\t\t\t\t<\/div>\n\t\t\t\t<\/div>\n\t\t\t\t<\/div>\n\t\t<div class=\"elementor-element elementor-element-f3cc0d9 e-con-full e-flex sc_layouts_column_icons_position_left e-con e-child\" data-id=\"f3cc0d9\" data-element_type=\"container\" data-e-type=\"container\">\n\t\t\t\t<div class=\"elementor-element elementor-element-d3ce111 sc_fly_static elementor-widget elementor-widget-video\" data-id=\"d3ce111\" data-element_type=\"widget\" data-e-type=\"widget\" data-settings=\"{&quot;youtube_url&quot;:&quot;https:\\\/\\\/youtu.be\\\/JbwvmQnOfII?si=VepF5tHI5SmyyaRf&quot;,&quot;autoplay&quot;:&quot;yes&quot;,&quot;mute&quot;:&quot;yes&quot;,&quot;video_type&quot;:&quot;youtube&quot;,&quot;controls&quot;:&quot;yes&quot;}\" data-widget_type=\"video.default\">\n\t\t\t\t<div class=\"elementor-widget-container\">\n\t\t\t\t\t\t\t<div class=\"elementor-wrapper elementor-open-inline\">\n\t\t\t<div class=\"elementor-video\"><\/div>\t\t<\/div>\n\t\t\t\t\t\t<\/div>\n\t\t\t\t<\/div>\n\t\t\t\t<div class=\"elementor-element elementor-element-f3cbfa4 sc_fly_static elementor-widget elementor-widget-text-editor\" data-id=\"f3cbfa4\" data-element_type=\"widget\" data-e-type=\"widget\" data-widget_type=\"text-editor.default\">\n\t\t\t\t<div class=\"elementor-widget-container\">\n\t\t\t\t\t\t\t\t\t<p>Abogado, empresario y l\u00edder pol\u00edtico. Cultiv\u00f3 el arte de la oratoria y fue conocido como el Pitirre de Puerto Rico, por su talento y dominio de la palabra. Fue miembro de la Convenci\u00f3n Constituyente que elabor\u00f3 la Constituci\u00f3n del Estado Libre Asociado de Puerto Rico. Fue un empresario natural y desde su juventud realiz\u00f3 negocios lucrativos que, a su vez, rend\u00edan un servicio a la comunidad. Una de sus empresas m\u00e1s relevantes fue el WesternBank, la segunda instituci\u00f3n bancaria m\u00e1s importante de Puerto Rico. Fue un precursor del derecho de los puertorrique\u00f1os a la auto-gobernaci\u00f3n, dentro del marco de la Uni\u00f3n Americana. Ayud\u00f3 a fundar el Partido Estadista Republicano en 1948, precursor del actual Partido Nuevo Progresista. Defensor del espa\u00f1ol como idioma oficial de la ley y la legislatura. Propuls\u00f3 leyes que fomentaban la industrializaci\u00f3n, el turismo, los derechos del trabajador, la creaci\u00f3n del Comit\u00e9 Ol\u00edmpico y la integraci\u00f3n de la Loter\u00eda, entre otras iniciativas, para aumentar los ingresos del gobierno insular.<\/p>\t\t\t\t\t\t\t\t<\/div>\n\t\t\t\t<\/div>\n\t\t\t\t<div class=\"elementor-element elementor-element-a40c345 sc_fly_static elementor-widget elementor-widget-text-editor\" data-id=\"a40c345\" data-element_type=\"widget\" data-e-type=\"widget\" data-widget_type=\"text-editor.default\">\n\t\t\t\t<div class=\"elementor-widget-container\">\n\t\t\t\t\t\t\t\t\t<p>Politician, lawyer, and businessman. He cultivated the art of oratory and was known as the \u201cPitirre\u201d of Puerto Rico for his talent and word mastery. He was a member of the Constituent Convention that drafted the Constitution of the Commonwealth of Puerto Rico and a natural entrepreneur. From a young age, he began making lucrative businesses that in turn provided services to the community. One of his most relevant enterprises was WesternBank, the second most important banking institution in Puerto Rico. He advocated for the right of Puerto Ricans to self-govern, within the framework of the American Union. He helped establish the Republican Statehood Party, the predecessor of today\u2019s New Progressive Party, in 1948. Defensor of Spanish as the official language of law and legislature. He proposed laws that encouraged industrialization, tourism, worker\u2019s rights, the creation of the Olympic Committee, and the integration of the Lottery, among other initiatives, in order to increase the income of the insular government.<\/p>\t\t\t\t\t\t\t\t<\/div>\n\t\t\t\t<\/div>\n\t\t\t\t<div class=\"elementor-element elementor-element-2b5bf21 sc_fly_static elementor-widget elementor-widget-video\" data-id=\"2b5bf21\" data-element_type=\"widget\" data-e-type=\"widget\" data-settings=\"{&quot;youtube_url&quot;:&quot;https:\\\/\\\/www.youtube.com\\\/watch?v=26wE4Kfahc4&amp;list=PLNDMQFaJY_EEGwfSDCt_fRKTkNbBgsvqr&amp;index=33&quot;,&quot;video_type&quot;:&quot;youtube&quot;,&quot;controls&quot;:&quot;yes&quot;}\" data-widget_type=\"video.default\">\n\t\t\t\t<div class=\"elementor-widget-container\">\n\t\t\t\t\t\t\t<div class=\"elementor-wrapper elementor-open-inline\">\n\t\t\t<div class=\"elementor-video\"><\/div>\t\t<\/div>\n\t\t\t\t\t\t<\/div>\n\t\t\t\t<\/div>\n\t\t\t\t<\/div>\n\t\t\t\t\t<\/div>\n\t\t\t\t<\/div>\n\t\t\t\t<\/div>","protected":false},"excerpt":{"rendered":"<p>Aguadilla, P.R., 1902 \u2013 Mayag\u00fcez, PR, 1998 Miguel \u00c1ngel Garc\u00eda M\u00e9ndez Aguadilla, P.R., 1902 \u2013 Mayag\u00fcez, PR, 1998 https:\/\/youtu.be\/JbwvmQnOfII?si=VepF5tHI5SmyyaRf Abogado, empresario y l\u00edder pol\u00edtico. Cultiv\u00f3 el arte de la oratoria&hellip;<\/p>","protected":false},"author":1,"featured_media":602,"parent":0,"menu_order":0,"comment_status":"closed","ping_status":"closed","template":"elementor_header_footer","meta":{"_acf_changed":false,"_coblocks_attr":"","_coblocks_dimensions":"","_coblocks_responsive_height":"","_coblocks_accordion_ie_support":"","footnotes":""},"categories":[21,47,8],"tags":[13],"class_list":["post-600","page","type-page","status-publish","has-post-thumbnail","hentry","category-empresario","category-leyes","category-politica","tag-13"],"acf":[],"yoast_head":"<!-- This site is optimized with the Yoast SEO Premium plugin v23.4 (Yoast SEO v27.5) - https:\/\/yoast.com\/product\/yoast-seo-premium-wordpress\/ -->\n<title>Miguel \u00c1ngel Garc\u00eda M\u00e9ndez - Aut\u00f3grafo TV<\/title>\n<meta name=\"robots\" content=\"index, follow, max-snippet:-1, max-image-preview:large, max-video-preview:-1\" \/>\n<link rel=\"canonical\" href=\"https:\/\/autografo.tv\/en\/miguel-angel-garcia-mendez\/\" \/>\n<meta property=\"og:locale\" content=\"en_US\" \/>\n<meta property=\"og:type\" content=\"article\" \/>\n<meta property=\"og:title\" content=\"Miguel \u00c1ngel Garc\u00eda M\u00e9ndez\" \/>\n<meta property=\"og:description\" content=\"Aguadilla, P.R., 1902 \u2013 Mayag\u00fcez, PR, 1998 Miguel \u00c1ngel Garc\u00eda M\u00e9ndez Aguadilla, P.R., 1902 \u2013 Mayag\u00fcez, PR, 1998 https:\/\/youtu.be\/JbwvmQnOfII?si=VepF5tHI5SmyyaRf Abogado, empresario y l\u00edder pol\u00edtico. Cultiv\u00f3 el arte de la oratoria&hellip;\" \/>\n<meta property=\"og:url\" content=\"https:\/\/autografo.tv\/en\/miguel-angel-garcia-mendez\/\" \/>\n<meta property=\"og:site_name\" content=\"Aut\u00f3grafo TV\" \/>\n<meta property=\"article:publisher\" content=\"https:\/\/www.facebook.com\/autografotv\" \/>\n<meta property=\"article:modified_time\" content=\"2025-01-07T22:07:02+00:00\" \/>\n<meta property=\"og:image\" content=\"https:\/\/autografo.tv\/wp-content\/uploads\/2024\/05\/SQUAREMiguelAngelGarcia.jpg\" \/>\n\t<meta property=\"og:image:width\" content=\"1389\" \/>\n\t<meta property=\"og:image:height\" content=\"1389\" \/>\n\t<meta property=\"og:image:type\" content=\"image\/jpeg\" \/>\n<meta name=\"twitter:card\" content=\"summary_large_image\" \/>\n<meta name=\"twitter:site\" content=\"@autografotv\" \/>\n<meta name=\"twitter:label1\" content=\"Est. reading time\" \/>\n\t<meta name=\"twitter:data1\" content=\"2 minutes\" \/>\n<script type=\"application\/ld+json\" class=\"yoast-schema-graph\">{\"@context\":\"https:\\\/\\\/schema.org\",\"@graph\":[{\"@type\":\"WebPage\",\"@id\":\"https:\\\/\\\/autografo.tv\\\/miguel-angel-garcia-mendez\\\/\",\"url\":\"https:\\\/\\\/autografo.tv\\\/miguel-angel-garcia-mendez\\\/\",\"name\":\"Miguel \u00c1ngel Garc\u00eda M\u00e9ndez - Aut\u00f3grafo TV\",\"isPartOf\":{\"@id\":\"https:\\\/\\\/autografo.tv\\\/#website\"},\"primaryImageOfPage\":{\"@id\":\"https:\\\/\\\/autografo.tv\\\/miguel-angel-garcia-mendez\\\/#primaryimage\"},\"image\":{\"@id\":\"https:\\\/\\\/autografo.tv\\\/miguel-angel-garcia-mendez\\\/#primaryimage\"},\"thumbnailUrl\":\"https:\\\/\\\/autografo.tv\\\/wp-content\\\/uploads\\\/2024\\\/05\\\/SQUAREMiguelAngelGarcia.jpg\",\"datePublished\":\"2024-05-30T14:04:14+00:00\",\"dateModified\":\"2025-01-07T22:07:02+00:00\",\"breadcrumb\":{\"@id\":\"https:\\\/\\\/autografo.tv\\\/miguel-angel-garcia-mendez\\\/#breadcrumb\"},\"inLanguage\":\"en-US\",\"potentialAction\":[{\"@type\":\"ReadAction\",\"target\":[\"https:\\\/\\\/autografo.tv\\\/miguel-angel-garcia-mendez\\\/\"]}]},{\"@type\":\"ImageObject\",\"inLanguage\":\"en-US\",\"@id\":\"https:\\\/\\\/autografo.tv\\\/miguel-angel-garcia-mendez\\\/#primaryimage\",\"url\":\"https:\\\/\\\/autografo.tv\\\/wp-content\\\/uploads\\\/2024\\\/05\\\/SQUAREMiguelAngelGarcia.jpg\",\"contentUrl\":\"https:\\\/\\\/autografo.tv\\\/wp-content\\\/uploads\\\/2024\\\/05\\\/SQUAREMiguelAngelGarcia.jpg\",\"width\":1389,\"height\":1389},{\"@type\":\"BreadcrumbList\",\"@id\":\"https:\\\/\\\/autografo.tv\\\/miguel-angel-garcia-mendez\\\/#breadcrumb\",\"itemListElement\":[{\"@type\":\"ListItem\",\"position\":1,\"name\":\"Portada\",\"item\":\"https:\\\/\\\/autografo.tv\\\/\"},{\"@type\":\"ListItem\",\"position\":2,\"name\":\"Miguel \u00c1ngel Garc\u00eda M\u00e9ndez\"}]},{\"@type\":\"WebSite\",\"@id\":\"https:\\\/\\\/autografo.tv\\\/#website\",\"url\":\"https:\\\/\\\/autografo.tv\\\/\",\"name\":\"Aut\u00f3grafo TV\",\"description\":\"\",\"publisher\":{\"@id\":\"https:\\\/\\\/autografo.tv\\\/#organization\"},\"potentialAction\":[{\"@type\":\"SearchAction\",\"target\":{\"@type\":\"EntryPoint\",\"urlTemplate\":\"https:\\\/\\\/autografo.tv\\\/?s={search_term_string}\"},\"query-input\":{\"@type\":\"PropertyValueSpecification\",\"valueRequired\":true,\"valueName\":\"search_term_string\"}}],\"inLanguage\":\"en-US\"},{\"@type\":\"Organization\",\"@id\":\"https:\\\/\\\/autografo.tv\\\/#organization\",\"name\":\"Aut\u00f3grafo TV\",\"url\":\"https:\\\/\\\/autografo.tv\\\/\",\"logo\":{\"@type\":\"ImageObject\",\"inLanguage\":\"en-US\",\"@id\":\"https:\\\/\\\/autografo.tv\\\/#\\\/schema\\\/logo\\\/image\\\/\",\"url\":\"https:\\\/\\\/autografo.tv\\\/wp-content\\\/uploads\\\/2025\\\/01\\\/cropped-favicon.png\",\"contentUrl\":\"https:\\\/\\\/autografo.tv\\\/wp-content\\\/uploads\\\/2025\\\/01\\\/cropped-favicon.png\",\"width\":512,\"height\":512,\"caption\":\"Aut\u00f3grafo TV\"},\"image\":{\"@id\":\"https:\\\/\\\/autografo.tv\\\/#\\\/schema\\\/logo\\\/image\\\/\"},\"sameAs\":[\"https:\\\/\\\/www.facebook.com\\\/autografotv\",\"https:\\\/\\\/x.com\\\/autografotv\",\"https:\\\/\\\/www.instagram.com\\\/autografotv\",\"https:\\\/\\\/www.youtube.com\\\/@autografotv\"]}]}<\/script>\n<!-- \/ Yoast SEO Premium plugin. -->","yoast_head_json":{"title":"Miguel \u00c1ngel Garc\u00eda M\u00e9ndez - Aut\u00f3grafo TV","robots":{"index":"index","follow":"follow","max-snippet":"max-snippet:-1","max-image-preview":"max-image-preview:large","max-video-preview":"max-video-preview:-1"},"canonical":"https:\/\/autografo.tv\/en\/miguel-angel-garcia-mendez\/","og_locale":"en_US","og_type":"article","og_title":"Miguel \u00c1ngel Garc\u00eda M\u00e9ndez","og_description":"Aguadilla, P.R., 1902 \u2013 Mayag\u00fcez, PR, 1998 Miguel \u00c1ngel Garc\u00eda M\u00e9ndez Aguadilla, P.R., 1902 \u2013 Mayag\u00fcez, PR, 1998 https:\/\/youtu.be\/JbwvmQnOfII?si=VepF5tHI5SmyyaRf Abogado, empresario y l\u00edder pol\u00edtico. Cultiv\u00f3 el arte de la oratoria&hellip;","og_url":"https:\/\/autografo.tv\/en\/miguel-angel-garcia-mendez\/","og_site_name":"Aut\u00f3grafo TV","article_publisher":"https:\/\/www.facebook.com\/autografotv","article_modified_time":"2025-01-07T22:07:02+00:00","og_image":[{"width":1389,"height":1389,"url":"https:\/\/autografo.tv\/wp-content\/uploads\/2024\/05\/SQUAREMiguelAngelGarcia.jpg","type":"image\/jpeg"}],"twitter_card":"summary_large_image","twitter_site":"@autografotv","twitter_misc":{"Est. reading time":"2 minutes"},"schema":{"@context":"https:\/\/schema.org","@graph":[{"@type":"WebPage","@id":"https:\/\/autografo.tv\/miguel-angel-garcia-mendez\/","url":"https:\/\/autografo.tv\/miguel-angel-garcia-mendez\/","name":"Miguel \u00c1ngel Garc\u00eda M\u00e9ndez - Aut\u00f3grafo TV","isPartOf":{"@id":"https:\/\/autografo.tv\/#website"},"primaryImageOfPage":{"@id":"https:\/\/autografo.tv\/miguel-angel-garcia-mendez\/#primaryimage"},"image":{"@id":"https:\/\/autografo.tv\/miguel-angel-garcia-mendez\/#primaryimage"},"thumbnailUrl":"https:\/\/autografo.tv\/wp-content\/uploads\/2024\/05\/SQUAREMiguelAngelGarcia.jpg","datePublished":"2024-05-30T14:04:14+00:00","dateModified":"2025-01-07T22:07:02+00:00","breadcrumb":{"@id":"https:\/\/autografo.tv\/miguel-angel-garcia-mendez\/#breadcrumb"},"inLanguage":"en-US","potentialAction":[{"@type":"ReadAction","target":["https:\/\/autografo.tv\/miguel-angel-garcia-mendez\/"]}]},{"@type":"ImageObject","inLanguage":"en-US","@id":"https:\/\/autografo.tv\/miguel-angel-garcia-mendez\/#primaryimage","url":"https:\/\/autografo.tv\/wp-content\/uploads\/2024\/05\/SQUAREMiguelAngelGarcia.jpg","contentUrl":"https:\/\/autografo.tv\/wp-content\/uploads\/2024\/05\/SQUAREMiguelAngelGarcia.jpg","width":1389,"height":1389},{"@type":"BreadcrumbList","@id":"https:\/\/autografo.tv\/miguel-angel-garcia-mendez\/#breadcrumb","itemListElement":[{"@type":"ListItem","position":1,"name":"Portada","item":"https:\/\/autografo.tv\/"},{"@type":"ListItem","position":2,"name":"Miguel \u00c1ngel Garc\u00eda M\u00e9ndez"}]},{"@type":"WebSite","@id":"https:\/\/autografo.tv\/#website","url":"https:\/\/autografo.tv\/","name":"Aut\u00f3grafo TV","description":"","publisher":{"@id":"https:\/\/autografo.tv\/#organization"},"potentialAction":[{"@type":"SearchAction","target":{"@type":"EntryPoint","urlTemplate":"https:\/\/autografo.tv\/?s={search_term_string}"},"query-input":{"@type":"PropertyValueSpecification","valueRequired":true,"valueName":"search_term_string"}}],"inLanguage":"en-US"},{"@type":"Organization","@id":"https:\/\/autografo.tv\/#organization","name":"Aut\u00f3grafo TV","url":"https:\/\/autografo.tv\/","logo":{"@type":"ImageObject","inLanguage":"en-US","@id":"https:\/\/autografo.tv\/#\/schema\/logo\/image\/","url":"https:\/\/autografo.tv\/wp-content\/uploads\/2025\/01\/cropped-favicon.png","contentUrl":"https:\/\/autografo.tv\/wp-content\/uploads\/2025\/01\/cropped-favicon.png","width":512,"height":512,"caption":"Aut\u00f3grafo TV"},"image":{"@id":"https:\/\/autografo.tv\/#\/schema\/logo\/image\/"},"sameAs":["https:\/\/www.facebook.com\/autografotv","https:\/\/x.com\/autografotv","https:\/\/www.instagram.com\/autografotv","https:\/\/www.youtube.com\/@autografotv"]}]}},"_links":{"self":[{"href":"https:\/\/autografo.tv\/en\/wp-json\/wp\/v2\/pages\/600","targetHints":{"allow":["GET"]}}],"collection":[{"href":"https:\/\/autografo.tv\/en\/wp-json\/wp\/v2\/pages"}],"about":[{"href":"https:\/\/autografo.tv\/en\/wp-json\/wp\/v2\/types\/page"}],"author":[{"embeddable":true,"href":"https:\/\/autografo.tv\/en\/wp-json\/wp\/v2\/users\/1"}],"replies":[{"embeddable":true,"href":"https:\/\/autografo.tv\/en\/wp-json\/wp\/v2\/comments?post=600"}],"version-history":[{"count":22,"href":"https:\/\/autografo.tv\/en\/wp-json\/wp\/v2\/pages\/600\/revisions"}],"predecessor-version":[{"id":4173,"href":"https:\/\/autografo.tv\/en\/wp-json\/wp\/v2\/pages\/600\/revisions\/4173"}],"wp:featuredmedia":[{"embeddable":true,"href":"https:\/\/autografo.tv\/en\/wp-json\/wp\/v2\/media\/602"}],"wp:attachment":[{"href":"https:\/\/autografo.tv\/en\/wp-json\/wp\/v2\/media?parent=600"}],"wp:term":[{"taxonomy":"category","embeddable":true,"href":"https:\/\/autografo.tv\/en\/wp-json\/wp\/v2\/categories?post=600"},{"taxonomy":"post_tag","embeddable":true,"href":"https:\/\/autografo.tv\/en\/wp-json\/wp\/v2\/tags?post=600"}],"curies":[{"name":"wp","href":"https:\/\/api.w.org\/{rel}","templated":true}]}}