{"id":246,"date":"2024-05-28T15:32:45","date_gmt":"2024-05-28T15:32:45","guid":{"rendered":"https:\/\/autografo.tv\/?page_id=246"},"modified":"2025-03-11T17:39:40","modified_gmt":"2025-03-11T21:39:40","slug":"ana-g-mendez","status":"publish","type":"page","link":"https:\/\/autografo.tv\/en\/ana-g-mendez\/","title":{"rendered":"Ana G. M\u00e9ndez"},"content":{"rendered":"<div data-elementor-type=\"wp-page\" data-elementor-id=\"246\" class=\"elementor elementor-246\" data-elementor-post-type=\"page\">\n\t\t\t\t\t\t<section class=\"elementor-section elementor-top-section elementor-element elementor-element-a6b9a69 elementor-section-full_width elementor-section-height-default elementor-section-height-default sc_fly_static\" data-id=\"a6b9a69\" data-element_type=\"section\" data-e-type=\"section\" data-settings=\"{&quot;background_background&quot;:&quot;classic&quot;}\">\n\t\t\t\t\t\t\t<div class=\"elementor-background-overlay\"><\/div>\n\t\t\t\t\t\t\t<div class=\"elementor-container elementor-column-gap-extended\">\n\t\t\t\t\t<div class=\"elementor-column elementor-col-100 elementor-top-column elementor-element elementor-element-720fa6b sc_content_align_inherit sc_layouts_column_icons_position_left sc_fly_static\" data-id=\"720fa6b\" data-element_type=\"column\" data-e-type=\"column\">\n\t\t\t<div class=\"elementor-widget-wrap elementor-element-populated\">\n\t\t\t\t\t\t<div class=\"elementor-element elementor-element-c02f9c2 elementor--v-position-bottom elementor-widget__width-inherit elementor--h-position-center elementor-arrows-position-inside elementor-pagination-position-inside sc_fly_static elementor-widget elementor-widget-slides\" data-id=\"c02f9c2\" data-element_type=\"widget\" data-e-type=\"widget\" data-settings=\"{&quot;navigation&quot;:&quot;both&quot;,&quot;autoplay&quot;:&quot;yes&quot;,&quot;pause_on_hover&quot;:&quot;yes&quot;,&quot;pause_on_interaction&quot;:&quot;yes&quot;,&quot;autoplay_speed&quot;:5000,&quot;infinite&quot;:&quot;yes&quot;,&quot;transition&quot;:&quot;slide&quot;,&quot;transition_speed&quot;:500}\" data-widget_type=\"slides.default\">\n\t\t\t\t<div class=\"elementor-widget-container\">\n\t\t\t\t\t\t\t\t\t<div class=\"elementor-swiper\">\n\t\t\t\t\t<div class=\"elementor-slides-wrapper elementor-main-swiper swiper\" role=\"region\" aria-roledescription=\"carousel\" aria-label=\"image\" dir=\"ltr\" data-animation=\"fadeInUp\">\n\t\t\t\t<div class=\"swiper-wrapper elementor-slides\">\n\t\t\t\t\t\t\t\t\t\t<div class=\"elementor-repeater-item-c8a794e swiper-slide\" role=\"group\" aria-roledescription=\"slide\"><div class=\"swiper-slide-bg\"><\/div><div class=\"swiper-slide-inner\" ><div class=\"swiper-slide-contents\"><div class=\"elementor-slide-description\">Aguada, PR, 1908 \u2013 San Juan, PR, 1997<\/div><\/div><\/div><\/div>\t\t\t\t<\/div>\n\t\t\t\t\t\t\t<\/div>\n\t\t\t\t<\/div>\n\t\t\t\t\t\t\t\t<\/div>\n\t\t\t\t<\/div>\n\t\t\t\t\t<\/div>\n\t\t<\/div>\n\t\t\t\t\t<\/div>\n\t\t<\/section>\n\t\t\t\t<section class=\"elementor-section elementor-top-section elementor-element elementor-element-c73cc00 elementor-section-boxed elementor-section-height-default elementor-section-height-default sc_fly_static\" data-id=\"c73cc00\" data-element_type=\"section\" data-e-type=\"section\">\n\t\t\t\t\t\t<div class=\"elementor-container elementor-column-gap-extended\">\n\t\t\t\t\t<div class=\"elementor-column elementor-col-33 elementor-top-column elementor-element elementor-element-e3693e4 sc_content_align_inherit sc_layouts_column_icons_position_left sc_fly_static\" data-id=\"e3693e4\" data-element_type=\"column\" data-e-type=\"column\">\n\t\t\t<div class=\"elementor-widget-wrap elementor-element-populated\">\n\t\t\t\t\t\t<div class=\"elementor-element elementor-element-ea9de59 sc_fly_static elementor-widget elementor-widget-theme-post-featured-image elementor-widget-image\" data-id=\"ea9de59\" data-element_type=\"widget\" data-e-type=\"widget\" data-widget_type=\"theme-post-featured-image.default\">\n\t\t\t\t<div class=\"elementor-widget-container\">\n\t\t\t\t\t\t\t\t\t\t\t\t\t\t\t<img fetchpriority=\"high\" decoding=\"async\" width=\"1024\" height=\"1024\" src=\"https:\/\/autografo.tv\/wp-content\/uploads\/2024\/05\/VIOLETAAnaGMendez-1024x1024.jpg\" class=\"attachment-large size-large wp-image-247\" alt=\"\" srcset=\"https:\/\/autografo.tv\/wp-content\/uploads\/2024\/05\/VIOLETAAnaGMendez-1024x1024.jpg 1024w, https:\/\/autografo.tv\/wp-content\/uploads\/2024\/05\/VIOLETAAnaGMendez-300x300.jpg 300w, https:\/\/autografo.tv\/wp-content\/uploads\/2024\/05\/VIOLETAAnaGMendez-150x150.jpg 150w, https:\/\/autografo.tv\/wp-content\/uploads\/2024\/05\/VIOLETAAnaGMendez-768x768.jpg 768w, https:\/\/autografo.tv\/wp-content\/uploads\/2024\/05\/VIOLETAAnaGMendez.jpg 1389w\" sizes=\"(max-width: 1024px) 100vw, 1024px\" \/>\t\t\t\t\t\t\t\t\t\t\t\t\t\t\t<\/div>\n\t\t\t\t<\/div>\n\t\t\t\t\t<\/div>\n\t\t<\/div>\n\t\t\t\t<div class=\"elementor-column elementor-col-66 elementor-top-column elementor-element elementor-element-103ed43 sc_content_align_inherit sc_layouts_column_icons_position_left sc_fly_static\" data-id=\"103ed43\" data-element_type=\"column\" data-e-type=\"column\">\n\t\t\t<div class=\"elementor-widget-wrap elementor-element-populated\">\n\t\t\t\t\t\t<div class=\"elementor-element elementor-element-c6bb2a7 sc_fly_static elementor-widget elementor-widget-text-editor\" data-id=\"c6bb2a7\" data-element_type=\"widget\" data-e-type=\"widget\" data-widget_type=\"text-editor.default\">\n\t\t\t\t<div class=\"elementor-widget-container\">\n\t\t\t\t\t\t\t\t\t<p>Una de las pioneras del sistema universitario privado en Puerto Rico. Promovi\u00f3 carreras cortas, comerciales y t\u00e9cnicas, que beneficiar\u00edan a miles de puertorrique\u00f1os y ayudar\u00edan a democratizar la educaci\u00f3n superior. Fund\u00f3 la primera instituci\u00f3n que ofreci\u00f3 grados asociados a nivel universitario en Puerto Rico, con fin de satisfacer la gran demanda laboral creada por la r\u00e1pida industrializaci\u00f3n del pa\u00eds.<\/p>\n<p>A pioneer of Puerto Rico\u2019s private university system. She promoted short-length technical and commercial degrees that would benefit thousands of Puerto Ricans and help democratize higher education. To satisfy the great labor demand created by the country\u2019s rapid industrialization, she founded the first institution in Puerto Rico to offer associate degrees at the university level.<\/p>\t\t\t\t\t\t\t\t<\/div>\n\t\t\t\t<\/div>\n\t\t\t\t\t<\/div>\n\t\t<\/div>\n\t\t\t\t\t<\/div>\n\t\t<\/section>\n\t\t<div class=\"elementor-element elementor-element-92b0bd1 e-flex e-con-boxed sc_layouts_column_icons_position_left e-con e-parent\" data-id=\"92b0bd1\" data-element_type=\"container\" data-e-type=\"container\">\n\t\t\t\t\t<div class=\"e-con-inner\">\n\t\t\t\t<div class=\"elementor-element elementor-element-fa13dd4 sc_fly_static elementor-widget elementor-widget-video\" data-id=\"fa13dd4\" data-element_type=\"widget\" data-e-type=\"widget\" data-settings=\"{&quot;youtube_url&quot;:&quot;https:\\\/\\\/youtu.be\\\/97RaZcJQdsw&quot;,&quot;video_type&quot;:&quot;youtube&quot;,&quot;controls&quot;:&quot;yes&quot;}\" data-widget_type=\"video.default\">\n\t\t\t\t<div class=\"elementor-widget-container\">\n\t\t\t\t\t\t\t<div class=\"elementor-wrapper elementor-open-inline\">\n\t\t\t<div class=\"elementor-video\"><\/div>\t\t<\/div>\n\t\t\t\t\t\t<\/div>\n\t\t\t\t<\/div>\n\t\t\t\t\t<\/div>\n\t\t\t\t<\/div>\n\t\t<div class=\"elementor-element elementor-element-2d1d8230 e-flex e-con-boxed sc_layouts_column_icons_position_left e-con e-parent\" data-id=\"2d1d8230\" data-element_type=\"container\" data-e-type=\"container\">\n\t\t\t\t\t<div class=\"e-con-inner\">\n\t\t\t\t<div class=\"elementor-element elementor-element-107901aa sc_fly_static elementor-widget elementor-widget-text-editor\" data-id=\"107901aa\" data-element_type=\"widget\" data-e-type=\"widget\" data-widget_type=\"text-editor.default\">\n\t\t\t\t<div class=\"elementor-widget-container\">\n\t\t\t\t\t\t\t\t\t\n<p>\u00a0<\/p>\n\n<p>Esta instituci\u00f3n se convirti\u00f3 en el Sistema Universitario Ana G. M\u00e9ndez, uno de los componentes principales del mundo educativo en Puerto Rico, con m\u00e1s de 30 mil estudiantes, 12 centros universitarios en Puerto Rico y Florida, un canal de televisi\u00f3n y un centro de estudios televisados.<\/p>\n\n<p>This institution became the Ana G. M\u00e9ndez University System, one of the main components of Puerto Rico\u2019s educational world, with over 30,000 students, 12 university centers in Puerto Rico and Florida, a television channel, and a center for televised studies.<\/p>\n\t\t\t\t\t\t\t\t<\/div>\n\t\t\t\t<\/div>\n\t\t\t\t\t<\/div>\n\t\t\t\t<\/div>\n\t\t<div class=\"elementor-element elementor-element-9959ea7 e-flex e-con-boxed sc_layouts_column_icons_position_left e-con e-parent\" data-id=\"9959ea7\" data-element_type=\"container\" data-e-type=\"container\">\n\t\t\t\t\t<div class=\"e-con-inner\">\n\t\t\t\t<div class=\"elementor-element elementor-element-ffaa8ad sc_fly_static elementor-widget elementor-widget-video\" data-id=\"ffaa8ad\" data-element_type=\"widget\" data-e-type=\"widget\" data-settings=\"{&quot;youtube_url&quot;:&quot;https:\\\/\\\/youtu.be\\\/LLQBlA1E-vU?list=PLNDMQFaJY_EEGwfSDCt_fRKTkNbBgsvqr&quot;,&quot;video_type&quot;:&quot;youtube&quot;,&quot;controls&quot;:&quot;yes&quot;}\" data-widget_type=\"video.default\">\n\t\t\t\t<div class=\"elementor-widget-container\">\n\t\t\t\t\t\t\t<div class=\"elementor-wrapper elementor-open-inline\">\n\t\t\t<div class=\"elementor-video\"><\/div>\t\t<\/div>\n\t\t\t\t\t\t<\/div>\n\t\t\t\t<\/div>\n\t\t\t\t\t<\/div>\n\t\t\t\t<\/div>\n\t\t\t\t<\/div>","protected":false},"excerpt":{"rendered":"<p>Aguada, PR, 1908 \u2013 San Juan, PR, 1997 Una de las pioneras del sistema universitario privado en Puerto Rico. Promovi\u00f3 carreras cortas, comerciales y t\u00e9cnicas, que beneficiar\u00edan a miles de&hellip;<\/p>","protected":false},"author":1,"featured_media":247,"parent":0,"menu_order":0,"comment_status":"closed","ping_status":"closed","template":"elementor_header_footer","meta":{"_acf_changed":false,"_coblocks_attr":"","_coblocks_dimensions":"","_coblocks_responsive_height":"","_coblocks_accordion_ie_support":"","footnotes":""},"categories":[7,21],"tags":[12],"class_list":["post-246","page","type-page","status-publish","has-post-thumbnail","hentry","category-educacion","category-empresario","tag-12"],"acf":[],"yoast_head":"<!-- This site is optimized with the Yoast SEO Premium plugin v23.4 (Yoast SEO v27.5) - https:\/\/yoast.com\/product\/yoast-seo-premium-wordpress\/ -->\n<title>Ana G. M\u00e9ndez - Aut\u00f3grafo TV<\/title>\n<meta name=\"robots\" content=\"index, follow, max-snippet:-1, max-image-preview:large, max-video-preview:-1\" \/>\n<link rel=\"canonical\" href=\"https:\/\/autografo.tv\/en\/ana-g-mendez\/\" \/>\n<meta property=\"og:locale\" content=\"en_US\" \/>\n<meta property=\"og:type\" content=\"article\" \/>\n<meta property=\"og:title\" content=\"Ana G. M\u00e9ndez\" \/>\n<meta property=\"og:description\" content=\"Aguada, PR, 1908 \u2013 San Juan, PR, 1997 Una de las pioneras del sistema universitario privado en Puerto Rico. Promovi\u00f3 carreras cortas, comerciales y t\u00e9cnicas, que beneficiar\u00edan a miles de&hellip;\" \/>\n<meta property=\"og:url\" content=\"https:\/\/autografo.tv\/en\/ana-g-mendez\/\" \/>\n<meta property=\"og:site_name\" content=\"Aut\u00f3grafo TV\" \/>\n<meta property=\"article:publisher\" content=\"https:\/\/www.facebook.com\/autografotv\" \/>\n<meta property=\"article:modified_time\" content=\"2025-03-11T21:39:40+00:00\" \/>\n<meta property=\"og:image\" content=\"https:\/\/autografo.tv\/wp-content\/uploads\/2024\/05\/VIOLETAAnaGMendez.jpg\" \/>\n\t<meta property=\"og:image:width\" content=\"1389\" \/>\n\t<meta property=\"og:image:height\" content=\"1389\" \/>\n\t<meta property=\"og:image:type\" content=\"image\/jpeg\" \/>\n<meta name=\"twitter:card\" content=\"summary_large_image\" \/>\n<meta name=\"twitter:site\" content=\"@autografotv\" \/>\n<meta name=\"twitter:label1\" content=\"Est. reading time\" \/>\n\t<meta name=\"twitter:data1\" content=\"2 minutes\" \/>\n<script type=\"application\/ld+json\" class=\"yoast-schema-graph\">{\"@context\":\"https:\\\/\\\/schema.org\",\"@graph\":[{\"@type\":\"WebPage\",\"@id\":\"https:\\\/\\\/autografo.tv\\\/ana-g-mendez\\\/\",\"url\":\"https:\\\/\\\/autografo.tv\\\/ana-g-mendez\\\/\",\"name\":\"Ana G. M\u00e9ndez - Aut\u00f3grafo TV\",\"isPartOf\":{\"@id\":\"https:\\\/\\\/autografo.tv\\\/#website\"},\"primaryImageOfPage\":{\"@id\":\"https:\\\/\\\/autografo.tv\\\/ana-g-mendez\\\/#primaryimage\"},\"image\":{\"@id\":\"https:\\\/\\\/autografo.tv\\\/ana-g-mendez\\\/#primaryimage\"},\"thumbnailUrl\":\"https:\\\/\\\/autografo.tv\\\/wp-content\\\/uploads\\\/2024\\\/05\\\/VIOLETAAnaGMendez.jpg\",\"datePublished\":\"2024-05-28T15:32:45+00:00\",\"dateModified\":\"2025-03-11T21:39:40+00:00\",\"breadcrumb\":{\"@id\":\"https:\\\/\\\/autografo.tv\\\/ana-g-mendez\\\/#breadcrumb\"},\"inLanguage\":\"en-US\",\"potentialAction\":[{\"@type\":\"ReadAction\",\"target\":[\"https:\\\/\\\/autografo.tv\\\/ana-g-mendez\\\/\"]}]},{\"@type\":\"ImageObject\",\"inLanguage\":\"en-US\",\"@id\":\"https:\\\/\\\/autografo.tv\\\/ana-g-mendez\\\/#primaryimage\",\"url\":\"https:\\\/\\\/autografo.tv\\\/wp-content\\\/uploads\\\/2024\\\/05\\\/VIOLETAAnaGMendez.jpg\",\"contentUrl\":\"https:\\\/\\\/autografo.tv\\\/wp-content\\\/uploads\\\/2024\\\/05\\\/VIOLETAAnaGMendez.jpg\",\"width\":1389,\"height\":1389},{\"@type\":\"BreadcrumbList\",\"@id\":\"https:\\\/\\\/autografo.tv\\\/ana-g-mendez\\\/#breadcrumb\",\"itemListElement\":[{\"@type\":\"ListItem\",\"position\":1,\"name\":\"Portada\",\"item\":\"https:\\\/\\\/autografo.tv\\\/\"},{\"@type\":\"ListItem\",\"position\":2,\"name\":\"Ana G. M\u00e9ndez\"}]},{\"@type\":\"WebSite\",\"@id\":\"https:\\\/\\\/autografo.tv\\\/#website\",\"url\":\"https:\\\/\\\/autografo.tv\\\/\",\"name\":\"Aut\u00f3grafo TV\",\"description\":\"\",\"publisher\":{\"@id\":\"https:\\\/\\\/autografo.tv\\\/#organization\"},\"potentialAction\":[{\"@type\":\"SearchAction\",\"target\":{\"@type\":\"EntryPoint\",\"urlTemplate\":\"https:\\\/\\\/autografo.tv\\\/?s={search_term_string}\"},\"query-input\":{\"@type\":\"PropertyValueSpecification\",\"valueRequired\":true,\"valueName\":\"search_term_string\"}}],\"inLanguage\":\"en-US\"},{\"@type\":\"Organization\",\"@id\":\"https:\\\/\\\/autografo.tv\\\/#organization\",\"name\":\"Aut\u00f3grafo TV\",\"url\":\"https:\\\/\\\/autografo.tv\\\/\",\"logo\":{\"@type\":\"ImageObject\",\"inLanguage\":\"en-US\",\"@id\":\"https:\\\/\\\/autografo.tv\\\/#\\\/schema\\\/logo\\\/image\\\/\",\"url\":\"https:\\\/\\\/autografo.tv\\\/wp-content\\\/uploads\\\/2025\\\/01\\\/cropped-favicon.png\",\"contentUrl\":\"https:\\\/\\\/autografo.tv\\\/wp-content\\\/uploads\\\/2025\\\/01\\\/cropped-favicon.png\",\"width\":512,\"height\":512,\"caption\":\"Aut\u00f3grafo TV\"},\"image\":{\"@id\":\"https:\\\/\\\/autografo.tv\\\/#\\\/schema\\\/logo\\\/image\\\/\"},\"sameAs\":[\"https:\\\/\\\/www.facebook.com\\\/autografotv\",\"https:\\\/\\\/x.com\\\/autografotv\",\"https:\\\/\\\/www.instagram.com\\\/autografotv\",\"https:\\\/\\\/www.youtube.com\\\/@autografotv\"]}]}<\/script>\n<!-- \/ Yoast SEO Premium plugin. -->","yoast_head_json":{"title":"Ana G. M\u00e9ndez - Aut\u00f3grafo TV","robots":{"index":"index","follow":"follow","max-snippet":"max-snippet:-1","max-image-preview":"max-image-preview:large","max-video-preview":"max-video-preview:-1"},"canonical":"https:\/\/autografo.tv\/en\/ana-g-mendez\/","og_locale":"en_US","og_type":"article","og_title":"Ana G. M\u00e9ndez","og_description":"Aguada, PR, 1908 \u2013 San Juan, PR, 1997 Una de las pioneras del sistema universitario privado en Puerto Rico. Promovi\u00f3 carreras cortas, comerciales y t\u00e9cnicas, que beneficiar\u00edan a miles de&hellip;","og_url":"https:\/\/autografo.tv\/en\/ana-g-mendez\/","og_site_name":"Aut\u00f3grafo TV","article_publisher":"https:\/\/www.facebook.com\/autografotv","article_modified_time":"2025-03-11T21:39:40+00:00","og_image":[{"width":1389,"height":1389,"url":"https:\/\/autografo.tv\/wp-content\/uploads\/2024\/05\/VIOLETAAnaGMendez.jpg","type":"image\/jpeg"}],"twitter_card":"summary_large_image","twitter_site":"@autografotv","twitter_misc":{"Est. reading time":"2 minutes"},"schema":{"@context":"https:\/\/schema.org","@graph":[{"@type":"WebPage","@id":"https:\/\/autografo.tv\/ana-g-mendez\/","url":"https:\/\/autografo.tv\/ana-g-mendez\/","name":"Ana G. M\u00e9ndez - Aut\u00f3grafo TV","isPartOf":{"@id":"https:\/\/autografo.tv\/#website"},"primaryImageOfPage":{"@id":"https:\/\/autografo.tv\/ana-g-mendez\/#primaryimage"},"image":{"@id":"https:\/\/autografo.tv\/ana-g-mendez\/#primaryimage"},"thumbnailUrl":"https:\/\/autografo.tv\/wp-content\/uploads\/2024\/05\/VIOLETAAnaGMendez.jpg","datePublished":"2024-05-28T15:32:45+00:00","dateModified":"2025-03-11T21:39:40+00:00","breadcrumb":{"@id":"https:\/\/autografo.tv\/ana-g-mendez\/#breadcrumb"},"inLanguage":"en-US","potentialAction":[{"@type":"ReadAction","target":["https:\/\/autografo.tv\/ana-g-mendez\/"]}]},{"@type":"ImageObject","inLanguage":"en-US","@id":"https:\/\/autografo.tv\/ana-g-mendez\/#primaryimage","url":"https:\/\/autografo.tv\/wp-content\/uploads\/2024\/05\/VIOLETAAnaGMendez.jpg","contentUrl":"https:\/\/autografo.tv\/wp-content\/uploads\/2024\/05\/VIOLETAAnaGMendez.jpg","width":1389,"height":1389},{"@type":"BreadcrumbList","@id":"https:\/\/autografo.tv\/ana-g-mendez\/#breadcrumb","itemListElement":[{"@type":"ListItem","position":1,"name":"Portada","item":"https:\/\/autografo.tv\/"},{"@type":"ListItem","position":2,"name":"Ana G. M\u00e9ndez"}]},{"@type":"WebSite","@id":"https:\/\/autografo.tv\/#website","url":"https:\/\/autografo.tv\/","name":"Aut\u00f3grafo TV","description":"","publisher":{"@id":"https:\/\/autografo.tv\/#organization"},"potentialAction":[{"@type":"SearchAction","target":{"@type":"EntryPoint","urlTemplate":"https:\/\/autografo.tv\/?s={search_term_string}"},"query-input":{"@type":"PropertyValueSpecification","valueRequired":true,"valueName":"search_term_string"}}],"inLanguage":"en-US"},{"@type":"Organization","@id":"https:\/\/autografo.tv\/#organization","name":"Aut\u00f3grafo TV","url":"https:\/\/autografo.tv\/","logo":{"@type":"ImageObject","inLanguage":"en-US","@id":"https:\/\/autografo.tv\/#\/schema\/logo\/image\/","url":"https:\/\/autografo.tv\/wp-content\/uploads\/2025\/01\/cropped-favicon.png","contentUrl":"https:\/\/autografo.tv\/wp-content\/uploads\/2025\/01\/cropped-favicon.png","width":512,"height":512,"caption":"Aut\u00f3grafo TV"},"image":{"@id":"https:\/\/autografo.tv\/#\/schema\/logo\/image\/"},"sameAs":["https:\/\/www.facebook.com\/autografotv","https:\/\/x.com\/autografotv","https:\/\/www.instagram.com\/autografotv","https:\/\/www.youtube.com\/@autografotv"]}]}},"_links":{"self":[{"href":"https:\/\/autografo.tv\/en\/wp-json\/wp\/v2\/pages\/246","targetHints":{"allow":["GET"]}}],"collection":[{"href":"https:\/\/autografo.tv\/en\/wp-json\/wp\/v2\/pages"}],"about":[{"href":"https:\/\/autografo.tv\/en\/wp-json\/wp\/v2\/types\/page"}],"author":[{"embeddable":true,"href":"https:\/\/autografo.tv\/en\/wp-json\/wp\/v2\/users\/1"}],"replies":[{"embeddable":true,"href":"https:\/\/autografo.tv\/en\/wp-json\/wp\/v2\/comments?post=246"}],"version-history":[{"count":73,"href":"https:\/\/autografo.tv\/en\/wp-json\/wp\/v2\/pages\/246\/revisions"}],"predecessor-version":[{"id":4571,"href":"https:\/\/autografo.tv\/en\/wp-json\/wp\/v2\/pages\/246\/revisions\/4571"}],"wp:featuredmedia":[{"embeddable":true,"href":"https:\/\/autografo.tv\/en\/wp-json\/wp\/v2\/media\/247"}],"wp:attachment":[{"href":"https:\/\/autografo.tv\/en\/wp-json\/wp\/v2\/media?parent=246"}],"wp:term":[{"taxonomy":"category","embeddable":true,"href":"https:\/\/autografo.tv\/en\/wp-json\/wp\/v2\/categories?post=246"},{"taxonomy":"post_tag","embeddable":true,"href":"https:\/\/autografo.tv\/en\/wp-json\/wp\/v2\/tags?post=246"}],"curies":[{"name":"wp","href":"https:\/\/api.w.org\/{rel}","templated":true}]}}